{"id":24,"date":"2022-08-21T16:08:18","date_gmt":"2022-08-21T21:08:18","guid":{"rendered":"http:\/\/216.155.132.153\/?page_id=24"},"modified":"2022-08-24T16:40:40","modified_gmt":"2022-08-24T21:40:40","slug":"perfil-institucional","status":"publish","type":"page","link":"http:\/\/www.illaa.org\/index.php\/perfil-institucional\/","title":{"rendered":"Perfil institucional"},"content":{"rendered":"\r\n<p>La Asociaci\u00f3n \u201cInstituto de Lenguas y Literaturas Andinas-Amaz\u00f3nicas\u201d (ILLA) es una asociaci\u00f3n sin fines de lucro dedicada a la promoci\u00f3n de lenguas originarias en nuevos contextos, especialmente en la tecnolog\u00eda moderna y formatos digitales. La meta es utilizar lenguas originarias en nuevos contextos para que los hablantes cambien sus actitudes ling\u00fc\u00edsticas negativas que relegan estas lenguas hac\u00eda el pasado y empiecen de una vez a pensar que las lenguas originarias puedan estar \u201cde moda\u201d como el castellano y otras lenguas dominantes.<\/p>\r\n\r\n\r\n\r\n<p><strong>SOBRE LA FUNDACI\u00d3N<\/strong><br \/>La Asociaci\u00f3n \u201cInstituto de Lenguas y Literaturas Andinas-Amaz\u00f3nicas\u201d (ILLA) fue establecida en La Paz, Bolivia en octubre 2009 y registrado como una asociaci\u00f3n legal el 5 de enero de 2011 en el departamento de La Paz.<\/p>\r\n\r\n\r\n\r\n<p>La mayor\u00eda de los miembros que conforman la asociaci\u00f3n son de Bolivia, pero tambi\u00e9n de Per\u00fa y los Estados Unidos.<\/p>\r\n\r\n\r\n\r\n<p>El ILLA fue establecida despu\u00e9s de una serie de reuniones entre personas que fueron involucradas en la traducci\u00f3n de AbiWord en Aymara y el proyecto Runasimipi.org, que es un colectivo digital para traducir software libre en quechua. Se decidi\u00f3 que era necesario la<br \/>creaci\u00f3n de una asociaci\u00f3n formal y multi-etnica para promover lenguas originarias con personer\u00eda jur\u00eddica que sea capaz de solicitar financiamiento y firmar contratos legales.<\/p>\r\n\r\n\r\n\r\n<p>El ILLA fue creada en octubre de 2009 con una peque\u00f1a oficina ubicada en el centro de La Paz en la Av. Arce No. 2047, cerca de la Universidad Mayor de San Andr\u00e9s. Ahora est\u00e1 ubicado en la Av. Alcides Arguedas #2287, primer piso, Zona Mariscal Santa Cruz, La Paz, Bolivia.<\/p>\r\n\r\n\r\n\r\n<p><strong>DIRECTORIO<\/strong><br \/>El directorio de la asociaci\u00f3n ILLA actualmente est\u00e1 conformado por las siguientes personas:<br \/>\u2022 Presidente: Ulpian Ricardo Lopez Garcia<br \/>\u2022 Director ejecutivo: Jose Laura Yapita<br \/>\u2022 Coordinador general: Amos Becker Batto<br \/>\u2022 Secretaria: Nancy Condori Ticona<br \/><br \/>Los miembros fundadores del ILLA fueron:<br \/>Ulpian Ricardo Lopez Garcia, Jose Laura Yapita, Amos Becker Batto, Nancy Condori Ticona, Juan Carlos Sor\u00eda, Elena Lopez Zentano, Marisol Medina Ayala, Irma Alvarez Ccoscco y Victoria Tinta.<\/p>\r\n\r\n\r\n\r\n<p><strong>SOBRE EL NOMBRE<\/strong><br \/>La organizaci\u00f3n fue nombrada \u201cILLA\u201d, porque <em>illa<\/em> significa \u201cluz\u201d o \u201ciluminaci\u00f3n\u201d en quechua y un \u201camuleto que lleva suerte o abundancia\u201d en aymara.<\/p>\r\n\r\n\r\n\r\n<p><strong>MISI\u00d3N<\/strong><br \/>Accionar mecanismos para investigar, ense\u00f1ar, promover y difundir las lenguas y literaturas\u00a0 originarias de las zonas andina y amaz\u00f3nica, en todas sus expresiones, espec\u00edficamente en\u00a0 formato f\u00edsico y digital, que trabaje para convertirse en un agente de cambios de actitudes ling\u00fc\u00edsticas, mediante la viabilizaci\u00f3n de estas lenguas en nuevas tecnolog\u00edas y en otras \u00e1reas de informaci\u00f3n y comunicaci\u00f3n, buscando la auto-determinaci\u00f3n ling\u00fc\u00edstica, as\u00ed evitar la imposici\u00f3n socio-ling\u00fc\u00edstica occidental.<\/p>\r\n\r\n\r\n\r\n<p><strong>OBJETIVOS ESPEC\u00cdFICOS<\/strong><\/p>\r\n\r\n\r\n\r\n<ul>\r\n<li>Elaborar y ejecutar proyectos dise\u00f1ados para fomentar la educaci\u00f3n, la investigaci\u00f3n y difusi\u00f3n de lenguas originarias.<\/li>\r\n<li>Establecer relaciones de colaboraci\u00f3n y la suscripci\u00f3n de convenios que sean del inter\u00e9s de la Asociaci\u00f3n Instituto de Lenguas y Literaturas Andinas Amaz\u00f3nicas (ILLA)\u00a0 con personas naturales y jur\u00eddicas como ser instituciones p\u00fablicas y privadas, sean estas sociales, econ\u00f3micas, pol\u00edticas y culturales.<\/li>\r\n<li>Incidir en pol\u00edticas p\u00fablicas, educativas, culturales, tecnol\u00f3gicas y sociales, relacionadas con la diversidad ling\u00fc\u00edstica.<\/li>\r\n<li>Producir y publicar materiales acerca de y\/o en lenguas originarias en formato digital y f\u00edsico, al alcance del p\u00fablico.<\/li>\r\n<\/ul>\r\n","protected":false},"excerpt":{"rendered":"<p>La Asociaci\u00f3n \u201cInstituto de Lenguas y Literaturas Andinas-Amaz\u00f3nicas\u201d (ILLA) es una asociaci\u00f3n sin fines de lucro dedicada a la promoci\u00f3n de lenguas originarias en nuevos contextos, especialmente en la tecnolog\u00eda moderna y formatos digitales. La meta es utilizar lenguas originarias &hellip; <a href=\"http:\/\/www.illaa.org\/index.php\/perfil-institucional\/\">Continuar leyendo <span class=\"meta-nav\">&rarr;<\/span><\/a><\/p>\n","protected":false},"author":1,"featured_media":0,"parent":0,"menu_order":0,"comment_status":"closed","ping_status":"closed","template":"","meta":[],"_links":{"self":[{"href":"http:\/\/www.illaa.org\/index.php\/wp-json\/wp\/v2\/pages\/24"}],"collection":[{"href":"http:\/\/www.illaa.org\/index.php\/wp-json\/wp\/v2\/pages"}],"about":[{"href":"http:\/\/www.illaa.org\/index.php\/wp-json\/wp\/v2\/types\/page"}],"author":[{"embeddable":true,"href":"http:\/\/www.illaa.org\/index.php\/wp-json\/wp\/v2\/users\/1"}],"replies":[{"embeddable":true,"href":"http:\/\/www.illaa.org\/index.php\/wp-json\/wp\/v2\/comments?post=24"}],"version-history":[{"count":3,"href":"http:\/\/www.illaa.org\/index.php\/wp-json\/wp\/v2\/pages\/24\/revisions"}],"predecessor-version":[{"id":288,"href":"http:\/\/www.illaa.org\/index.php\/wp-json\/wp\/v2\/pages\/24\/revisions\/288"}],"wp:attachment":[{"href":"http:\/\/www.illaa.org\/index.php\/wp-json\/wp\/v2\/media?parent=24"}],"curies":[{"name":"wp","href":"https:\/\/api.w.org\/{rel}","templated":true}]}}